{"id":268,"date":"2022-11-15T15:45:48","date_gmt":"2022-11-15T14:45:48","guid":{"rendered":"https:\/\/www.colegiosantaana.es\/wordpress\/?page_id=268"},"modified":"2024-03-05T18:35:14","modified_gmt":"2024-03-05T17:35:14","slug":"proyecto-educativo-de-centro","status":"publish","type":"page","link":"https:\/\/www.colegiosantaana.es\/wordpress\/proyecto-educativo-de-centro\/","title":{"rendered":"Proyecto Educativo de Centro"},"content":{"rendered":"<div class=\"wp-block-image\">\n<figure class=\"aligncenter size-full\"><a href=\"https:\/\/docs.google.com\/document\/d\/13CWkLXBBJDkNsKc-MALx_srfGRVq8J85hXBi-5kdPdU\/edit?usp=sharing\" target=\"_blank\" rel=\"https:\/\/docs.google.com\/document\/d\/13CWkLXBBJDkNsKc-MALx_srfGRVq8J85hXBi-5kdPdU\/edit?usp=sharing noopener\"><img decoding=\"async\" width=\"200\" height=\"200\" src=\"https:\/\/www.colegiosantaana.es\/wordpress\/wp-content\/uploads\/2022\/11\/pec.png\" alt=\"\" class=\"wp-image-264\" srcset=\"https:\/\/www.colegiosantaana.es\/wordpress\/wp-content\/uploads\/2022\/11\/pec.png 200w, https:\/\/www.colegiosantaana.es\/wordpress\/wp-content\/uploads\/2022\/11\/pec-150x150.png 150w\" sizes=\"(max-width: 200px) 100vw, 200px\" \/><\/a><figcaption class=\"wp-element-caption\">Clica sobre la imagen para ver<\/figcaption><\/figure>\n<\/div>\n\n\n<p>La opci\u00f3n de un curr\u00edculum abierto y flexible, que deja una relativa autonom\u00eda al Centro educativo para su desarrollo en funci\u00f3n de las caracter\u00edsticas peculiares del contexto en que \u00e9ste se incardine, es lo que da sentido a la elaboraci\u00f3n del Proyecto Educativo de Centro, instrumento de toma de decisiones aut\u00f3nomas.<br>El Proyecto Educativo pertenece al llamado segundo nivel de concreci\u00f3n curricular en la<br>planificaci\u00f3n educativa.<br>Seg\u00fan quien planifique podemos establecer tres niveles de planificaci\u00f3n:<\/p>\n\n\n\n<p>\u2022 El primer nivel de planificaci\u00f3n corresponde a las Administraciones educativas<br>(Ministerio y Comunidades aut\u00f3nomas)<br>\u2022 El segundo nivel de planificaci\u00f3n corresponde al propio Centro, entendido como<br>Comunidad escolar.<br>\u2022 Y el tercer nivel, corresponde a los equipos docentes.<\/p>\n\n\n\n<p>A este segundo nivel de planificaci\u00f3n, correspondiente al Centro, se le denominar\u00e1<\/p>\n\n\n\n<p>PROYECTO DE CENTRO, integrado por<\/p>\n\n\n\n<p>Un Proyecto Educativo<br>Programaci\u00f3n General Anual de Centro<br>Memoria Escolar<\/p>\n\n\n\n<ol class=\"wp-block-list\">\n<li>El Proyecto Educativo de Centro:<\/li>\n\n\n\n<li>Enumera y define las notas de identidad del Centro,<\/li>\n<\/ol>\n\n\n\n<p>\u2022 El Car\u00e1cter Propio o l\u00ednea que define el estilo o modelo de educaci\u00f3n-instrucci\u00f3n que se desea.<br>\u2022 Es marco de referencia global.<\/p>\n\n\n\n<p>Formula las finalidades educativas, resultado de la reflexi\u00f3n y acuerdo de la Comunidad educativa del Centro.<\/p>\n\n\n\n<ul class=\"wp-block-list\">\n<li>Determina los valores que se asumen como orientaci\u00f3n del tipo de modelo de educaci\u00f3n que se persigue.<\/li>\n\n\n\n<li>Perfila los principios que orientan la formaci\u00f3n de los alumnos.<\/li>\n\n\n\n<li>Expresan la estructura organizativa del Centro.<\/li>\n\n\n\n<li>Su duraci\u00f3n alcanza m\u00e1s de un curso escolar, siendo susceptible de modificaci\u00f3n gradual y progresiva.<\/li>\n\n\n\n<li>Recoge las ilusiones y los intereses de los miembros de la comunidad escolar.<\/li>\n\n\n\n<li>Unifica los criterios de actuaci\u00f3n a favor de una mayor coherencia funcional.<\/li>\n\n\n\n<li>Configura paulatinamente y da car\u00e1cter y personalidad al Centro.<\/li>\n<\/ul>\n\n\n\n<div class=\"wp-block-columns is-layout-flex wp-container-core-columns-is-layout-9d6595d7 wp-block-columns-is-layout-flex\">\n<div class=\"wp-block-column is-layout-flow wp-block-column-is-layout-flow\">\n<figure class=\"wp-block-image size-full\"><a href=\"https:\/\/www.colegiosantaana.es\/wordpress\/wp-content\/uploads\/2022\/11\/pec1.png\"><img fetchpriority=\"high\" decoding=\"async\" width=\"388\" height=\"623\" src=\"https:\/\/www.colegiosantaana.es\/wordpress\/wp-content\/uploads\/2022\/11\/pec1.png\" alt=\"\" class=\"wp-image-265\" srcset=\"https:\/\/www.colegiosantaana.es\/wordpress\/wp-content\/uploads\/2022\/11\/pec1.png 388w, https:\/\/www.colegiosantaana.es\/wordpress\/wp-content\/uploads\/2022\/11\/pec1-187x300.png 187w\" sizes=\"(max-width: 388px) 100vw, 388px\" \/><\/a><\/figure>\n<\/div>\n\n\n\n<div class=\"wp-block-column is-layout-flow wp-block-column-is-layout-flow\">\n<figure class=\"wp-block-image size-large\"><a href=\"https:\/\/www.colegiosantaana.es\/wordpress\/wp-content\/uploads\/2022\/11\/pec2.jpg\"><img decoding=\"async\" width=\"1017\" height=\"1024\" src=\"https:\/\/www.colegiosantaana.es\/wordpress\/wp-content\/uploads\/2022\/11\/pec2-1017x1024.jpg\" alt=\"\" class=\"wp-image-266\" srcset=\"https:\/\/www.colegiosantaana.es\/wordpress\/wp-content\/uploads\/2022\/11\/pec2-1017x1024.jpg 1017w, https:\/\/www.colegiosantaana.es\/wordpress\/wp-content\/uploads\/2022\/11\/pec2-298x300.jpg 298w, https:\/\/www.colegiosantaana.es\/wordpress\/wp-content\/uploads\/2022\/11\/pec2-150x150.jpg 150w, https:\/\/www.colegiosantaana.es\/wordpress\/wp-content\/uploads\/2022\/11\/pec2-768x774.jpg 768w, https:\/\/www.colegiosantaana.es\/wordpress\/wp-content\/uploads\/2022\/11\/pec2-1525x1536.jpg 1525w, https:\/\/www.colegiosantaana.es\/wordpress\/wp-content\/uploads\/2022\/11\/pec2.jpg 1928w\" sizes=\"(max-width: 1017px) 100vw, 1017px\" \/><\/a><\/figure>\n<\/div>\n<\/div>\n","protected":false},"excerpt":{"rendered":"<p>La opci\u00f3n de un curr\u00edculum abierto y flexible, que deja una relativa autonom\u00eda al Centro educativo para su desarrollo en funci\u00f3n de las caracter\u00edsticas peculiares del contexto en que \u00e9ste se incardine, es lo que da sentido a la elaboraci\u00f3n del Proyecto Educativo de Centro, instrumento de toma de decisiones aut\u00f3nomas.El Proyecto Educativo pertenece al &#8230; <a title=\"Proyecto Educativo de Centro\" class=\"read-more\" href=\"https:\/\/www.colegiosantaana.es\/wordpress\/proyecto-educativo-de-centro\/\" aria-label=\"Leer m\u00e1s sobre Proyecto Educativo de Centro\">Leer m\u00e1s<\/a><\/p>\n","protected":false},"author":1,"featured_media":0,"parent":0,"menu_order":0,"comment_status":"closed","ping_status":"closed","template":"","meta":{"footnotes":""},"class_list":["post-268","page","type-page","status-publish"],"_links":{"self":[{"href":"https:\/\/www.colegiosantaana.es\/wordpress\/wp-json\/wp\/v2\/pages\/268","targetHints":{"allow":["GET"]}}],"collection":[{"href":"https:\/\/www.colegiosantaana.es\/wordpress\/wp-json\/wp\/v2\/pages"}],"about":[{"href":"https:\/\/www.colegiosantaana.es\/wordpress\/wp-json\/wp\/v2\/types\/page"}],"author":[{"embeddable":true,"href":"https:\/\/www.colegiosantaana.es\/wordpress\/wp-json\/wp\/v2\/users\/1"}],"replies":[{"embeddable":true,"href":"https:\/\/www.colegiosantaana.es\/wordpress\/wp-json\/wp\/v2\/comments?post=268"}],"version-history":[{"count":3,"href":"https:\/\/www.colegiosantaana.es\/wordpress\/wp-json\/wp\/v2\/pages\/268\/revisions"}],"predecessor-version":[{"id":632,"href":"https:\/\/www.colegiosantaana.es\/wordpress\/wp-json\/wp\/v2\/pages\/268\/revisions\/632"}],"wp:attachment":[{"href":"https:\/\/www.colegiosantaana.es\/wordpress\/wp-json\/wp\/v2\/media?parent=268"}],"curies":[{"name":"wp","href":"https:\/\/api.w.org\/{rel}","templated":true}]}}